{"id":51,"date":"2024-10-18T14:08:47","date_gmt":"2024-10-18T17:08:47","guid":{"rendered":"https:\/\/www.ccm.ufpb.br\/bsccm2\/?page_id=51"},"modified":"2024-10-23T10:37:41","modified_gmt":"2024-10-23T13:37:41","slug":"ficha-catalografica","status":"publish","type":"page","link":"https:\/\/www.ccm.ufpb.br\/bsccm\/ficha-catalografica\/","title":{"rendered":"Ficha catalogr\u00e1fica"},"content":{"rendered":"\n<p>Conforme estabelecido pela Biblioteca Central da UFPB, mediante INFORME N\u00ba 1\/2020 &#8211; Dir-BC emitido em 21 de agosto de 2020, as fichas catalogr\u00e1ficas passam a ser solicitadas pelo aluno via formul\u00e1rio eletr\u00f4nico disponibilizado no menu Biblioteca do SIGAA. Para que a solicita\u00e7\u00e3o seja apreciada e validada pelos bibliotec\u00e1rios da referida biblioteca que atenda ao curso de gradua\u00e7\u00e3o do discente solicitante da ficha. De acordo com o INFORME N\u00ba 2\/2020 de 25 de Agosto de 2020 &#8211; Dir-BC, o prazo para atendimento da demanda de ficha catalogr\u00e1fica cadastrada pelo aluno \u00e9 de at\u00e9 03 (tr\u00eas) dias \u00fateis a contar da data da solicita\u00e7\u00e3o.<\/p>\n\n\n\n<p>&nbsp; &nbsp; &nbsp; &nbsp; &nbsp; &nbsp; &nbsp; &nbsp;Lembramos que a ficha catalogr\u00e1fica ser\u00e1 elaborada automaticamente, de acordo com os padr\u00f5es exigidos pela Associa\u00e7\u00e3o Brasileira de Normas T\u00e9cnicas (ABNT) e o C\u00f3digo de Cataloga\u00e7\u00e3o Anglo-Americano (AACR2), em arquivo PDF, disponibilizado para download.<\/p>\n\n\n\n<h2 class=\"wp-block-heading\"><strong>ATEN\u00c7\u00c3O!&nbsp;<\/strong><\/h2>\n\n\n\n<p>\u21e8O discente<strong>&nbsp;n\u00e3o deve encerrar o v\u00ednculo<\/strong>\u200b antes de gerar sua ficha catalogr\u00e1fica.\u200b&nbsp;&nbsp;&nbsp;&nbsp;&nbsp;&nbsp;&nbsp;&nbsp;<\/p>\n\n\n\n<p>\u21e8A ficha dever\u00e1 ser impressa no verso da folha de rosto dos trabalhos finais.<\/p>\n\n\n\n<h2 class=\"wp-block-heading\">Passo a passo para solicitar a ficha catalogr\u00e1fica:<\/h2>\n\n\n\n<h2 class=\"wp-block-heading\">1\u00baPASSO<\/h2>\n\n\n\n<p>&nbsp;<strong>Imagem 1- Login no sigaa<\/strong><\/p>\n\n\n\n<figure class=\"wp-block-image size-full\"><img loading=\"lazy\" decoding=\"async\" width=\"598\" height=\"279\" src=\"https:\/\/www.ccm.ufpb.br\/bsccm2\/wp-content\/uploads\/sites\/214\/sites\/217\/2024\/10\/Imagem1-1.jpg\" alt=\"\" class=\"wp-image-52\" srcset=\"https:\/\/www.ccm.ufpb.br\/bsccm\/wp-content\/uploads\/sites\/214\/sites\/217\/2024\/10\/Imagem1-1.jpg 598w, https:\/\/www.ccm.ufpb.br\/bsccm\/wp-content\/uploads\/sites\/214\/sites\/217\/2024\/10\/Imagem1-1-300x140.jpg 300w\" sizes=\"auto, (max-width: 598px) 100vw, 598px\" \/><\/figure>\n\n\n\n<p>&nbsp;Fonte: SIGAA, 2020.<\/p>\n\n\n\n<h2 class=\"wp-block-heading\"><strong>2\u00ba PASSO<\/strong>&nbsp;<\/h2>\n\n\n\n<p>&nbsp;<strong>Imagem 2 &#8211; M\u00f3dulo Biblioteca &gt; Ficha Catalogr\u00e1fica<\/strong><\/p>\n\n\n\n<figure class=\"wp-block-image size-full\"><img loading=\"lazy\" decoding=\"async\" width=\"604\" height=\"321\" src=\"https:\/\/www.ccm.ufpb.br\/bsccm2\/wp-content\/uploads\/sites\/214\/sites\/217\/2024\/10\/Imagem2.jpg\" alt=\"\" class=\"wp-image-53\" srcset=\"https:\/\/www.ccm.ufpb.br\/bsccm\/wp-content\/uploads\/sites\/214\/sites\/217\/2024\/10\/Imagem2.jpg 604w, https:\/\/www.ccm.ufpb.br\/bsccm\/wp-content\/uploads\/sites\/214\/sites\/217\/2024\/10\/Imagem2-300x159.jpg 300w\" sizes=\"auto, (max-width: 604px) 100vw, 604px\" \/><\/figure>\n\n\n\n<p>&nbsp;Fonte: SIGAA, 2020.<\/p>\n\n\n\n<h2 class=\"wp-block-heading\"><strong>3\u00baPASSO<\/strong><\/h2>\n\n\n\n<p><strong>Imagem 3 &#8211; Minhas Fichas Catalogr\u00e1ficas<\/strong><\/p>\n\n\n\n<figure class=\"wp-block-image size-full\"><img loading=\"lazy\" decoding=\"async\" width=\"604\" height=\"255\" src=\"https:\/\/www.ccm.ufpb.br\/bsccm2\/wp-content\/uploads\/sites\/214\/sites\/217\/2024\/10\/Imagem3.jpg\" alt=\"\" class=\"wp-image-54\" srcset=\"https:\/\/www.ccm.ufpb.br\/bsccm\/wp-content\/uploads\/sites\/214\/sites\/217\/2024\/10\/Imagem3.jpg 604w, https:\/\/www.ccm.ufpb.br\/bsccm\/wp-content\/uploads\/sites\/214\/sites\/217\/2024\/10\/Imagem3-300x127.jpg 300w\" sizes=\"auto, (max-width: 604px) 100vw, 604px\" \/><\/figure>\n\n\n\n<p>&nbsp;Fonte: SIGAA, 2020.<\/p>\n\n\n\n<h2 class=\"wp-block-heading\">4\u00baPASSO<\/h2>\n\n\n\n<p><strong>&nbsp;Imagem 4 &#8211; Primeira etapa do preenchimento<\/strong><\/p>\n\n\n\n<figure class=\"wp-block-image size-full\"><img loading=\"lazy\" decoding=\"async\" width=\"604\" height=\"330\" src=\"https:\/\/www.ccm.ufpb.br\/bsccm2\/wp-content\/uploads\/sites\/214\/sites\/217\/2024\/10\/Imagem4.jpg\" alt=\"\" class=\"wp-image-55\" srcset=\"https:\/\/www.ccm.ufpb.br\/bsccm\/wp-content\/uploads\/sites\/214\/sites\/217\/2024\/10\/Imagem4.jpg 604w, https:\/\/www.ccm.ufpb.br\/bsccm\/wp-content\/uploads\/sites\/214\/sites\/217\/2024\/10\/Imagem4-300x164.jpg 300w\" sizes=\"auto, (max-width: 604px) 100vw, 604px\" \/><\/figure>\n\n\n\n<p>&nbsp; Fonte: SIGAA, 2020.\u200b<\/p>\n\n\n\n<p>&nbsp; &nbsp; &nbsp; &nbsp; &nbsp; &nbsp; &nbsp; &nbsp;Na primeira etapa do preenchimento da solicita\u00e7\u00e3o da ficha catalogr\u00e1fica, \u00e9 necess\u00e1rio: selecionar a biblioteca, que no caso ser\u00e1 \u201cBiblioteca Setorial do CCM\u201d; em seguida o Tipo de Obra, que&nbsp;<strong>sempre<\/strong>\u200b ser\u00e1 \u201cTCC Gradua\u00e7\u00e3o\u201d; inserir o arquivo em PDF da vers\u00e3o final do TCC. \u00c9 necess\u00e1rio inserir o arquivo completo e finalizado, com todas as corre\u00e7\u00f5es e altera\u00e7\u00f5es realizadas ap\u00f3s a apresenta\u00e7\u00e3o do TCC para a banca examinadora.&nbsp;<\/p>\n\n\n\n<h2 class=\"wp-block-heading\">5\u00ba PASSO<\/h2>\n\n\n\n<p>&nbsp;<strong>&nbsp;Imagem 5 &#8211; Segunda etapa do preenchimento<\/strong><\/p>\n\n\n\n<figure class=\"wp-block-image size-full\"><img loading=\"lazy\" decoding=\"async\" width=\"606\" height=\"308\" src=\"https:\/\/www.ccm.ufpb.br\/bsccm2\/wp-content\/uploads\/sites\/214\/sites\/217\/2024\/10\/Imagem5.jpg\" alt=\"\" class=\"wp-image-56\" srcset=\"https:\/\/www.ccm.ufpb.br\/bsccm\/wp-content\/uploads\/sites\/214\/sites\/217\/2024\/10\/Imagem5.jpg 606w, https:\/\/www.ccm.ufpb.br\/bsccm\/wp-content\/uploads\/sites\/214\/sites\/217\/2024\/10\/Imagem5-300x152.jpg 300w\" sizes=\"auto, (max-width: 606px) 100vw, 606px\" \/><\/figure>\n\n\n\n<p>Fonte: SIGAA,2020.<\/p>\n\n\n\n<p>&nbsp; &nbsp; &nbsp; &nbsp; &nbsp; &nbsp; &nbsp; &nbsp; &nbsp;Dando prosseguimento a segunda etapa, \u00e9 necess\u00e1rio inserir o t\u00edtulo do TCC. O mesmo deve come\u00e7ar com apenas a primeira letra mai\u00fascula, e as demais min\u00fasculas, de acordo com o portugu\u00eas culto conforme o exemplo na imagem 5. Caso no t\u00edtulo do TCC haja nomes pr\u00f3prios de pessoas, locais, \u00f3rg\u00e3os e\/ou institui\u00e7\u00f5es, deve-se tamb\u00e9m seguir o padr\u00e3o do portugu\u00eas culto (Ex: Universidade Federal da Para\u00edba &#8211; primeira letra de cada palavra, em mai\u00fasculo).<\/p>\n\n\n\n<p>&nbsp; &nbsp; &nbsp; &nbsp; &nbsp; &nbsp; &nbsp; &nbsp;O nome do autor deve ser escrito conforme o exemplo da imagem 5, primeiro deve ser colocado o \u00faltimo sobrenome, e depois o nome. Caso o nome apresente algum grau de parentesco como \u201cJ\u00fanior\u201d, \u201cNeto\u201d, \u201cSegundo\u201d etc., ficar\u00e1 na forma \u201c\u00faltimo sobrenome + grau de parentesco\u201d (Ex: Silva Neto, Andr\u00e9 Domingos da).<\/p>\n\n\n\n<p>&nbsp; &nbsp; &nbsp; &nbsp; &nbsp; &nbsp; &nbsp; &nbsp;Para inserir o n\u00famero de Cutter \u00e9 s\u00f3 clicar na setinha azul do lado da caixa correspondente. Voc\u00ea ser\u00e1 direcionado \u00e0 uma tabela j\u00e1 cadastrada no formul\u00e1rio, onde aparecer\u00e1 em negrito o c\u00f3digo referente ao nome do autor. \u00c9 s\u00f3 selecionar, e automaticamente retornar\u00e1 para o formul\u00e1rio. O campo referente ao Cutter somente vai estar dispon\u00edvel se os dois campos anteriores (t\u00edtulo e nome do autor) estiverem preenchidos.<\/p>\n\n\n\n<p>&nbsp; &nbsp; &nbsp; &nbsp; &nbsp; &nbsp; &nbsp; &nbsp;No pr\u00f3ximo campo \u00e9 necess\u00e1rio inserir a quantidade de p\u00e1ginas que o TCC cont\u00e9m (n\u00famero de p\u00e1gina da \u00faltima folha numerada do trabalho). Se o TCC tem ilustra\u00e7\u00e3o (imagem, figura, desenho, gr\u00e1ficos, tabelas e quadros ) selecione o pr\u00f3ximo campo. Caso n\u00e3o tenha,&nbsp;<strong>n\u00e3o marcar<\/strong>\u200b a op\u00e7\u00e3o.\u200b<\/p>\n\n\n\n<p>&nbsp; &nbsp; &nbsp; &nbsp; &nbsp; &nbsp; &nbsp; &nbsp;Informe o nome do(a) orientador(a) do TCC, da forma como ilustrado na imagem 5. Prevalecem as mesmas orienta\u00e7\u00f5es que foram dadas para o item autor. Caso o TCC tenha coorientador, \u00e9 s\u00f3 clicar no sinal \u201c+\u201d ao lado da palavra&nbsp;\u201ccoorientador\u201d e inserir o nome, com a mesma orienta\u00e7\u00e3o mencionada no item autor.&nbsp;<\/p>\n\n\n\n<p>&nbsp; &nbsp; &nbsp; &nbsp; &nbsp; &nbsp; &nbsp; &nbsp;Por fim \u00e9 necess\u00e1rio inserir a sigla da Universidade (UFPB), do Centro de Ensino (CCM) e as palavras-chave do trabalho (as mesmas que foram colocadas no resumo). Vale salientar que, caso o termo seja composto, apenas a primeira letra \u00e9 mai\u00fascula, e as demais, inclusive da segunda palavra que comp\u00f5e o termo, s\u00e3o min\u00fasculas. Para acrescentar as demais palavras-chave, \u00e9 s\u00f3 clicar no \u201c+\u201d e adicionar os campos. Preenchidos todos os dados, clicar em \u201cCadastrar Solicita\u00e7\u00e3o\u201d. A tela da confirma\u00e7\u00e3o da sua solicita\u00e7\u00e3o vai aparecer conforme a imagem 6.&nbsp;<\/p>\n\n\n\n<p><strong>Imagem 6 &#8211;&nbsp; Tela final de confirma\u00e7\u00e3o da solicita\u00e7\u00e3o<\/strong><\/p>\n\n\n\n<figure class=\"wp-block-image size-full\"><img loading=\"lazy\" decoding=\"async\" width=\"603\" height=\"266\" src=\"https:\/\/www.ccm.ufpb.br\/bsccm2\/wp-content\/uploads\/sites\/214\/sites\/217\/2024\/10\/Imagem6.jpg\" alt=\"\" class=\"wp-image-57\" srcset=\"https:\/\/www.ccm.ufpb.br\/bsccm\/wp-content\/uploads\/sites\/214\/sites\/217\/2024\/10\/Imagem6.jpg 603w, https:\/\/www.ccm.ufpb.br\/bsccm\/wp-content\/uploads\/sites\/214\/sites\/217\/2024\/10\/Imagem6-300x132.jpg 300w\" sizes=\"auto, (max-width: 603px) 100vw, 603px\" \/><\/figure>\n\n\n\n<p>&nbsp;Fonte: SIGAA, 2020.<\/p>\n\n\n\n<p>Conforme j\u00e1 mencionado,&nbsp;<strong>em<\/strong>\u200b<strong>&nbsp;at\u00e9 03 (tr\u00eas) dias \u00fateis a sua solicita\u00e7\u00e3o ser\u00e1 atendida.&nbsp;<\/strong><\/p>\n\n\n\n<p>Quando a solicita\u00e7\u00e3o for analisada e validada por um bibliotec\u00e1rio a situa\u00e7\u00e3o vai mudar para \u201cAtendido\u201d conforme imagem 7 na pr\u00f3xima p\u00e1gina.&nbsp;<\/p>\n\n\n\n<p><strong>Imagem 7 &#8211; Solicita\u00e7\u00e3o atendida<\/strong><\/p>\n\n\n\n<figure class=\"wp-block-image size-full\"><img loading=\"lazy\" decoding=\"async\" width=\"604\" height=\"172\" src=\"https:\/\/www.ccm.ufpb.br\/bsccm2\/wp-content\/uploads\/sites\/214\/sites\/217\/2024\/10\/Imagem7.jpg\" alt=\"\" class=\"wp-image-58\" srcset=\"https:\/\/www.ccm.ufpb.br\/bsccm\/wp-content\/uploads\/sites\/214\/sites\/217\/2024\/10\/Imagem7.jpg 604w, https:\/\/www.ccm.ufpb.br\/bsccm\/wp-content\/uploads\/sites\/214\/sites\/217\/2024\/10\/Imagem7-300x85.jpg 300w\" sizes=\"auto, (max-width: 604px) 100vw, 604px\" \/><\/figure>\n\n\n\n<p>&nbsp;Fonte:SIGAA, 2020.<\/p>\n\n\n\n<p>Para ter acesso a op\u00e7\u00e3o de download da ficha catalogr\u00e1fica basta clicar na lupa ao lado do nome \u201cAtendido\u201d.&nbsp;<\/p>\n\n\n\n<p><strong>&nbsp;Imagem 8 &#8211; Download \/ Impress\u00e3o da ficha catalogr\u00e1fica<\/strong><\/p>\n\n\n\n<figure class=\"wp-block-image size-full\"><img loading=\"lazy\" decoding=\"async\" width=\"606\" height=\"279\" src=\"https:\/\/www.ccm.ufpb.br\/bsccm2\/wp-content\/uploads\/sites\/214\/sites\/217\/2024\/10\/Imagem8.jpg\" alt=\"\" class=\"wp-image-59\" srcset=\"https:\/\/www.ccm.ufpb.br\/bsccm\/wp-content\/uploads\/sites\/214\/sites\/217\/2024\/10\/Imagem8.jpg 606w, https:\/\/www.ccm.ufpb.br\/bsccm\/wp-content\/uploads\/sites\/214\/sites\/217\/2024\/10\/Imagem8-300x138.jpg 300w\" sizes=\"auto, (max-width: 606px) 100vw, 606px\" \/><\/figure>\n\n\n\n<p>Fonte: SIGAA, 2020.<\/p>\n","protected":false},"excerpt":{"rendered":"<p>Conforme estabelecido pela Biblioteca Central da UFPB, mediante INFORME N\u00ba 1\/2020 &#8211; Dir-BC emitido em 21 de agosto de 2020, as fichas catalogr\u00e1ficas passam a ser solicitadas pelo aluno via formul\u00e1rio eletr\u00f4nico disponibilizado no menu Biblioteca do SIGAA. Para que a solicita\u00e7\u00e3o seja apreciada e validada pelos bibliotec\u00e1rios da referida biblioteca que atenda ao curso [&hellip;]<\/p>\n","protected":false},"author":47,"featured_media":0,"parent":0,"menu_order":0,"comment_status":"closed","ping_status":"closed","template":"","meta":{"footnotes":""},"class_list":["post-51","page","type-page","status-publish","hentry"],"_links":{"self":[{"href":"https:\/\/www.ccm.ufpb.br\/bsccm\/wp-json\/wp\/v2\/pages\/51","targetHints":{"allow":["GET"]}}],"collection":[{"href":"https:\/\/www.ccm.ufpb.br\/bsccm\/wp-json\/wp\/v2\/pages"}],"about":[{"href":"https:\/\/www.ccm.ufpb.br\/bsccm\/wp-json\/wp\/v2\/types\/page"}],"author":[{"embeddable":true,"href":"https:\/\/www.ccm.ufpb.br\/bsccm\/wp-json\/wp\/v2\/users\/47"}],"replies":[{"embeddable":true,"href":"https:\/\/www.ccm.ufpb.br\/bsccm\/wp-json\/wp\/v2\/comments?post=51"}],"version-history":[{"count":3,"href":"https:\/\/www.ccm.ufpb.br\/bsccm\/wp-json\/wp\/v2\/pages\/51\/revisions"}],"predecessor-version":[{"id":93,"href":"https:\/\/www.ccm.ufpb.br\/bsccm\/wp-json\/wp\/v2\/pages\/51\/revisions\/93"}],"wp:attachment":[{"href":"https:\/\/www.ccm.ufpb.br\/bsccm\/wp-json\/wp\/v2\/media?parent=51"}],"curies":[{"name":"wp","href":"https:\/\/api.w.org\/{rel}","templated":true}]}}